{"id":17371,"date":"2021-07-12T08:54:32","date_gmt":"2021-07-12T08:54:32","guid":{"rendered":"http:\/\/www.chaplin.ee\/?post_type=tribe_events&#038;p=17371"},"modified":"2021-07-12T08:54:34","modified_gmt":"2021-07-12T08:54:34","slug":"the-xxxv-parnu-film-festival-day-1-2","status":"publish","type":"tribe_events","link":"https:\/\/www.chaplin.ee\/et\/event\/the-xxxv-parnu-film-festival-day-1-2\/","title":{"rendered":"THE XXXV P\u00c4RNU FILM FESTIVAL DAY 1"},"content":{"rendered":"<div class=\"tribe-events-schedule tribe-clearfix\">\n\t<h2 class=\"tribe-events-schedule__datetime\">\n\t\t<span class=\"tribe-events-schedule__date tribe-events-schedule__date--start\">\n\t\t\t12. juuli, 2021\t\t<\/span>\n\n\t\t\t\t\t<span class=\"tribe-events-schedule__separator tribe-events-schedule__separator--date\">\n\t\t\t\t|\t\t\t<\/span>\n\t\t\t<span class=\"tribe-events-schedule__time tribe-events-schedule__time--start\">\n\t\t\t\t08:00\t\t\t<\/span>\n\t\t\n\t\t\t\t\t\t\t\t\t<span class=\"tribe-events-schedule__separator tribe-events-schedule__separator--time\">\n\t\t\t\t\t &#8211; \t\t\t\t<\/span>\n\t\t\t\n\t\t\t\t\t\t\t<span class=\"tribe-events-schedule__time tribe-events-schedule__time--end\">\n\t\t\t\t\t17:00\t\t\t\t<\/span>\n\t\t\t\n\t\t\t\t\t\t<\/h2>\n<\/div>\n\n\n\n<p><strong>Esmasp\u00e4ev, 12. juuli<\/strong><\/p>\n\n\n\n<p>18.00| Nikolai 26 | <strong>Festivali avamine<\/strong><\/p>\n\n\n\n<p>18.30| Nikolai 26 | <strong>PISIKE PARADIIS<\/strong><\/p>\n\n\n\n<p>autor Andrzej Cichocki, Poola, 19&#8242;<\/p>\n\n\n\n<p>Dokumentaalfilm realismi ja muinasjuttude piirimailt. L\u00f5bus dokumentaal paljulapselisest perest Sileesias. Elades kesk loodust ja arvukaid koduloomi, ei pea nad aega viitma teleka v\u00f5i arvuti ees istudes. Loomad ja linnud on lastega erakordselt s\u00f5bralikud, sest lastel on nende jaoks aega&#8230;<\/p>\n\n\n\n<figure class=\"wp-block-embed is-type-video is-provider-vimeo wp-block-embed-vimeo wp-embed-aspect-16-9 wp-has-aspect-ratio\"><div class=\"wp-block-embed__wrapper\">\n<iframe loading=\"lazy\"  title=\"&#039;A Little Bit of Paradise&#039;_ &#039;Troch\u0119 raju&#039;  TRAILER\"  src=\"https:\/\/player.vimeo.com\/video\/482722799?dnt=1&amp;app_id=122963\"  width=\"1160\"  height=\"653\"  frameborder=\"0\"  allow=\"autoplay; fullscreen; picture-in-picture\"  allowfullscreen><\/iframe>\n<\/div><\/figure>\n\n\n\n<p><\/p>\n\n\n\n<p>19.00| Nikolai 26 | <em>Nominent festivali Suurele Auhinnale<\/em><\/p>\n\n\n\n<p><strong>SAIME SELLE \u00d6\u00d6<\/strong><\/p>\n\n\n\n<p>autor Jo Sol, Hispaania, 62&#8242;<\/p>\n\n\n\n<p>RAHVUSVAHELINE ESILINASTUS!<\/p>\n\n\n\n<p>Filmitegijatest paar r\u00e4ndab m\u00f6\u00f6da maailma ringi, j\u00e4\u00e4dvustades tundmatute inimeste fotosid. Kas on v\u00f5imalik n\u00e4idatavat filmida ilma ennast varjamata? Nende kunstiline eluprojekt peegeldub reaalsust, mis k\u00f5igub ilmselguse ja rumaluse vahel. \u00dchelgi pildil ei \u00f5nnestu ilmselguse loori muuta. Sellegipoolest tekitavad inimeste n\u00e4od ja igap\u00e4evased \u017eestid s\u00fcgavat empaatiat.<\/p>\n\n\n\n<figure class=\"wp-block-embed is-type-video is-provider-vimeo wp-block-embed-vimeo wp-embed-aspect-16-9 wp-has-aspect-ratio\"><div class=\"wp-block-embed__wrapper\">\n <iframe loading=\"lazy\"  title=\"&amp;quot;NOS QUEDA LA NOCHE&amp;quot; TEASER\"  src=\"https:\/\/player.vimeo.com\/video\/520707124?dnt=1&amp;app_id=122963\"  width=\"1160\"  height=\"653\"  frameborder=\"0\"  allow=\"autoplay; fullscreen; picture-in-picture\" allowfullscreen><\/iframe>\n<\/div><\/figure>\n\n\n\n<p><\/p>\n\n\n\n<p>20.00| Nikolai 26 | <strong>POLE LASTE AEG<\/strong><\/p>\n\n\n\n<p>autor Olga Samolevska, Ukraina, 60&#8242;<\/p>\n\n\n\n<p>Eakad ukrainlased r\u00e4\u00e4givad, et tapetud lapsed muutuvad ingliteks. Aga miks inglid ei sosita s\u00f5jarditele k\u00f5rva, et nad l\u00f5petaksid tapatalgud? Nii k\u00fcsib Olga Samolevska dok neilt ukrainlastelt, kes II ilmas\u00f5ja ajal olid lapsed. Ja ka neilt v\u00e4ikestelt inimestelt, kes praegu on lapsed Ukrainas.<\/p>\n\n\n\n<figure class=\"wp-block-embed is-type-video is-provider-youtube wp-block-embed-youtube wp-embed-aspect-16-9 wp-has-aspect-ratio\"><div class=\"wp-block-embed__wrapper\">\n<iframe loading=\"lazy\"  title=\"Trailer NOT A TIME FOR CHILDREN\"  width=\"1160\"  height=\"653\"  src=\"https:\/\/www.youtube.com\/embed\/-k2gJMN8WLs?feature=oembed\"  frameborder=\"0\"  allow=\"accelerometer; autoplay; clipboard-write; encrypted-media; gyroscope; picture-in-picture\" allowfullscreen><\/iframe>\n<\/div><\/figure>\n\n\n\n<p><\/p>\n\n\n\n<p>21.00| Nikolai 26 | <em>Kunstifilmid:<\/em><\/p>\n\n\n\n<p><strong>AALTO<\/strong><\/p>\n\n\n\n<p>autor Virpi Suutari, Soome, 92&#8242;<\/p>\n\n\n\n<p>P\u00f5hjalik dokumentaal Soome moodsa arhitektuuri ja disaini suurmeistritest Alvar ja Aino Aaltost, nende koost\u00f6\u00f6st ja armastusest. Loomingulist protsessi kajastavate arhiivikaadrite abil m\u00f5istame Aino erakordset, selgesti tajutavat rolli partnerite \u00fchisloomingus. Aaltode jagatud kirg disaini ja orgaanilise, inims\u00f5braliku, puitu ja loomulikku valgust armastava arhitektuuri vastu aitas luua paremat, inimlikke v\u00e4\u00e4rtusi silmas pidavat maailma, mida naudime ja hindame praeguseni.<\/p>\n\n\n\n<figure class=\"wp-block-embed is-type-video is-provider-youtube wp-block-embed-youtube wp-embed-aspect-16-9 wp-has-aspect-ratio\"><div class=\"wp-block-embed__wrapper\">\n<iframe loading=\"lazy\"  title=\"AALTO di Virpi Suutari (trailer)\"  width=\"1160\"  height=\"653\"  src=\"https:\/\/www.youtube.com\/embed\/2KfkrETAo-k?feature=oembed\"  frameborder=\"0\"  allow=\"accelerometer; autoplay; clipboard-write; encrypted-media; gyroscope; picture-in-picture\" allowfullscreen><\/iframe>\n<\/div><\/figure>\n\n\n\n<p><\/p>\n\n\n\n<p>21.30 | ETV2 | <em>nominent Eesti Rahva Auhinnale:<\/em><\/p>\n\n\n\n<p><strong>MAA KUI SININE APELSIN<\/strong> \uf029 622 9951<\/p>\n\n\n\n<p>autor Irina Tsiljuk, Ukraina\/Leedu, 74&#8242;<\/p>\n\n\n\n<p>Irina Tsiljuki filmis &#8220;Maa kui sinine apelsin&#8221; elab Donbassis \u00fcksikema Anna koos oma nelja lapsega. Hoolimata sellest, et nende k\u00fcla pidevalt pommitatakse, j\u00e4rgneb pere \u00fchisele kutsumusele \u2013 k\u00f5ik tahavad saada filmiloojateks.<\/p>\n\n\n\n<figure class=\"wp-block-embed is-type-video is-provider-youtube wp-block-embed-youtube wp-embed-aspect-16-9 wp-has-aspect-ratio\"><div class=\"wp-block-embed__wrapper\">\n<iframe loading=\"lazy\"  title=\"THE EARTH IS BLUE AS AN ORANGE - Official Trailer\"  width=\"1160\"  height=\"653\"  src=\"https:\/\/www.youtube.com\/embed\/wGILh9uVXi4?feature=oembed\"  frameborder=\"0\"  allow=\"accelerometer; autoplay; clipboard-write; encrypted-media; gyroscope; picture-in-picture\" allowfullscreen><\/iframe>\n<\/div><\/figure>\n\n\n\n<div class=\"wp-block-group\"><div class=\"wp-block-group__inner-container\">\n<div class=\"wp-block-columns\">\n<div class=\"wp-block-column\"  style=\"flex-basis:100%\">\n<p>\u00a0<\/p>\n<p class=\"has-text-align-center\">\u00a0<\/p>\n<\/div>\n<\/div>\n<\/div><\/div>\n\n\n\n\n<div class=\"tribe-block tribe-block__event-price\">\n\t\t\t<span class=\"tribe-block__event-price__cost\"> \u20ac2 \u2013 \u20ac4 <\/span>\n\t\t\t\t<span class=\"tribe-block__event-price__description\">Piletihinnad:  T\u00e4ispilet 4 eurot, \u00f5pilased ja eakad 2 eurot, eelkooliealised tasuta.<\/span>\n\t<\/div>\n\n\n\n\n<div class=\"tribe-block tribe-block__venue tribe-block__venue--has-map\">\n\t\n\t\n<div class=\"tribe-block__venue__meta\">\n\t<div class=\"tribe-block__venue__name\">\n\t\t<h3>XXXV P\u00c4RNU FILM FESTIVAL<\/h3>\n\t<\/div>\n\n\t\n\t\t\t<address class=\"tribe-block__venue__address\">\n\t\t\t<span class=\"tribe-address\">\n\n<span class=\"tribe-street-address\">Nikolai 26<\/span>\n\t\n\t\t<br>\n\t\t<span class=\"tribe-locality\">P\u00e4rnu<\/span><span class=\"tribe-delimiter\" >,<\/span>\n\n\n\t<span class=\"tribe-postal-code\">80014<\/span>\n\n\t<span class=\"tribe-country-name\">Estonia<\/span>\n\n<\/span>\n\n\t\t\t\t\t\t\t<a class=\"tribe-events-gmap\"  href=\"https:\/\/maps.google.com\/maps?f=q&#038;source=s_q&#038;hl=en&#038;geocode=&#038;q=Nikolai+26+P%C3%A4rnu+80014+Estonia\"  title=\"Click to view a Google Map\"  target=\"_blank\"  rel=\"noreferrer noopener\">+ Google Map<\/a>\t\t\t\t\t<\/address>\n\t\n\t\n\t\t\t<span class=\"tribe-block__venue__website\"><a href=\"http:\/\/chaplin.ee\"  target=\"_self\" rel=\"external\">chaplin.ee<\/a><\/span><br \/>\n\t\n\t<\/div>\n\t\n<div class=\"tribe-block__venue__map\">\n\t\n<iframe loading=\"lazy\" \n  width=\"100%\" \n  height=\"350px\" \n  frameborder=\"0\"  style=\"border:0\" \n  src=\"https:\/\/www.google.com\/maps\/embed\/v1\/place?key=AIzaSyDNsicAsP6-VuGtAb1O9riI3oc_NOb7IOU&#038;q=Nikolai+26+P%C3%A4rnu+80014+Estonia+\" allowfullscreen>\n<\/iframe><\/div>\n\n\t<\/div>\n\n\n\n\n<div class=\"tribe-block tribe-block__events-link\">\n\t\t\t<div class=\"tribe-block__btn--link tribe-block__events-gcal\">\n\t\t\t<a\n\t\t\t\thref=\"https:\/\/www.google.com\/calendar\/event?action=TEMPLATE&#038;text=THE+XXXV+P%C3%84RNU+FILM+FESTIVAL+DAY+1&#038;dates=20210712T080000\/20210712T170000&#038;details=++Esmasp%C3%A4ev%2C+12.+juuli+++18.00%7C+Nikolai+26+%7C+Festivali+avamine+++18.30%7C+Nikolai+26+%7C+PISIKE+PARADIIS+++autor+Andrzej+Cichocki%2C+Poola%2C+19%26%238242%3B+++Dokumentaalfilm+realismi+ja+muinasjuttude+piirimailt.+L%C3%B5bus+dokumentaal+paljulapselisest+perest+Sileesias.+Elades+kesk+loodust+ja+arvukaid+koduloomi%2C+ei+pea+nad+aega+viitma+teleka+v%C3%B5i+arvuti+ees+istudes.+Loomad+ja+linnud+on+lastega+erakordselt+s%C3%B5bralikud%2C+sest+lastel+on+nende+jaoks+aega%26%238230%3B+++++++19.00%7C+Nikolai+26+%7C+Nominent+festivali+Suurele+Auhinnale+++SAIME+SELLE+%C3%96%C3%96+++autor+Jo+Sol%2C+Hispaania%2C+62%26%238242%3B+++RAHVUSVAHELINE+ESILINASTUS%21+++Filmitegijatest+paar+r%C3%A4ndab+m%C3%B6%C3%B6da+maailma+ringi%2C+j%C3%A4%C3%A4dvustades+tundmatute+inimeste+fotosid.+Kas+on+v%C3%B5imalik+n%C3%A4idatavat+filmida+ilma+ennast+varjamata%3F+Nende+kunstiline+eluprojekt+peegeldub+reaalsust%2C+mis+k%C3%B5igub+ilmselguse+ja+rumaluse+vahel.+%C3%9Chelgi+pildil+ei+%C3%B5nnestu+ilmselguse+loori+muuta.+Sellegipoolest+tekitavad+inimeste+n%C3%A4od+ja+igap%C3%A4evased+%C5%BEestid++%28View+Full+Event+Description+Here%3A+https%3A%2F%2Fwww.chaplin.ee%2Fet%2Fevent%2Fthe-xxxv-parnu-film-festival-day-1-2%2F%29&#038;location=XXXV+P%C3%84RNU+FILM+FESTIVAL%2C+Nikolai+26%2C+P%C3%A4rnu%2C+80014%2C+Estonia&#038;trp=false&#038;sprop=website:https:\/\/www.chaplin.ee\/et\/&#038;ctz=UTC\" \n\t\t\t\ttarget=\"_blank\" \n\t\t\t\trel=\"noopener noreferrer nofollow\" \n\t\t\t\ttitle=\"Add to Google Calendar\"\n\t\t\t>\n\t\t\t\t<img src=\"https:\/\/www.chaplin.ee\/wp-content\/plugins\/the-events-calendar\/common\/src\/modules\/icons\/link.svg\" \/>\n\t\t\t\tAdd to Google Calendar\t\t\t<\/a>\n\t\t<\/div>\n\t\t\t\t<div class=\"tribe-block__btn--link tribe-block__-events-ical\">\n\t\t\t<a\n\t\t\t\thref=\"https:\/\/www.chaplin.ee\/et\/event\/the-xxxv-parnu-film-festival-day-1-2\/?ical=1\" \n\t\t\t\trel=\"noopener noreferrer nofollow\" \n\t\t\t\ttitle=\"Add to iCalendar\"\n\t\t\t>\n\t\t\t\t<img src=\"https:\/\/www.chaplin.ee\/wp-content\/plugins\/the-events-calendar\/common\/src\/modules\/icons\/link.svg\" \/>\n\t\t\t\tAdd to iCalendar\t\t\t<\/a>\n\t\t<\/div>\n\t<\/div>\n\n","protected":false},"excerpt":{"rendered":"<p>Esmasp\u00e4ev, 12. juuli 18.00| Nikolai 26 | Festivali avamine 18.30| Nikolai 26 | PISIKE PARADIIS autor Andrzej Cichocki, Poola, 19&#8242; Dokumentaalfilm realismi ja muinasjuttude piirimailt. L\u00f5bus dokumentaal paljulapselisest perest Sileesias. Elades kesk loodust ja arvukaid koduloomi, ei pea nad aega viitma teleka v\u00f5i arvuti ees istudes. Loomad ja linnud on lastega erakordselt s\u00f5bralikud, sest lastel&#8230;<\/p>\n","protected":false},"author":1,"featured_media":17365,"comment_status":"closed","ping_status":"closed","template":"","meta":{"_EventAllDay":false,"_EventTimezone":"UTC","_EventStartDate":"2021-07-12 08:00:00","_EventEndDate":"2021-07-12 17:00:00","_EventStartDateUTC":"2021-07-12 08:00:00","_EventEndDateUTC":"2021-07-12 17:00:00","_EventShowMap":true,"_EventShowMapLink":true,"_EventURL":"","_EventCost":"4-2","_EventCostDescription":"","_EventCurrencySymbol":"\u20ac","_EventCurrencyPosition":"prefix","_EventDateTimeSeparator":"|","_EventTimeRangeSeparator":" - ","_EventOrganizerID":[],"_EventVenueID":17355,"_OrganizerEmail":"","_OrganizerPhone":"","_OrganizerWebsite":"","_VenueAddress":"","_VenueCity":"","_VenueCountry":"","_VenueProvince":"","_VenueZip":"","_VenuePhone":"","_VenueURL":"","_VenueStateProvince":"","_VenueLat":"","_VenueLng":""},"tags":[120],"tribe_events_cat":[119],"_links":{"self":[{"href":"https:\/\/www.chaplin.ee\/et\/wp-json\/wp\/v2\/tribe_events\/17371"}],"collection":[{"href":"https:\/\/www.chaplin.ee\/et\/wp-json\/wp\/v2\/tribe_events"}],"about":[{"href":"https:\/\/www.chaplin.ee\/et\/wp-json\/wp\/v2\/types\/tribe_events"}],"author":[{"embeddable":true,"href":"https:\/\/www.chaplin.ee\/et\/wp-json\/wp\/v2\/users\/1"}],"replies":[{"embeddable":true,"href":"https:\/\/www.chaplin.ee\/et\/wp-json\/wp\/v2\/comments?post=17371"}],"version-history":[{"count":2,"href":"https:\/\/www.chaplin.ee\/et\/wp-json\/wp\/v2\/tribe_events\/17371\/revisions"}],"predecessor-version":[{"id":17373,"href":"https:\/\/www.chaplin.ee\/et\/wp-json\/wp\/v2\/tribe_events\/17371\/revisions\/17373"}],"wp:featuredmedia":[{"embeddable":true,"href":"https:\/\/www.chaplin.ee\/et\/wp-json\/wp\/v2\/media\/17365"}],"wp:attachment":[{"href":"https:\/\/www.chaplin.ee\/et\/wp-json\/wp\/v2\/media?parent=17371"}],"wp:term":[{"taxonomy":"post_tag","embeddable":true,"href":"https:\/\/www.chaplin.ee\/et\/wp-json\/wp\/v2\/tags?post=17371"},{"taxonomy":"tribe_events_cat","embeddable":true,"href":"https:\/\/www.chaplin.ee\/et\/wp-json\/wp\/v2\/tribe_events_cat?post=17371"}],"curies":[{"name":"wp","href":"https:\/\/api.w.org\/{rel}","templated":true}]}}